{"id":3,"date":"2023-11-27T14:40:13","date_gmt":"2023-11-27T13:40:13","guid":{"rendered":"https:\/\/esteticadent.hr\/?page_id=3"},"modified":"2024-12-03T07:04:10","modified_gmt":"2024-12-03T06:04:10","slug":"pravila-privatnosti","status":"publish","type":"page","link":"https:\/\/esteticadent.hr\/it\/pravila-privatnosti\/","title":{"rendered":"Informativa sulla privacy"},"content":{"rendered":"<h2 class=\"wp-block-heading\">1. Introduzione<\/h2>\n\n\n\n<p>La presente informativa sulla privacy disciplina il modo in cui trattiamo i Suoi dati personali.<\/p>\n\n\n\n<p>L\u2019informativa sulla privacy La informa sui dati che raccogliamo, sul modo in cui li raccogliamo, sulle finalit\u00e0 per cui li trattiamo e utilizziamo, con chi li condividiamo, per quanto tempo li conserviamo e sui Suoi diritti.<\/p>\n\n\n\n<p>Estetica Dent d.o.o. si impegna a proteggere i dati personali raccolti in conformit\u00e0 ai principi fondamentali di protezione dei dati, agendo principalmente in conformit\u00e0 al Regolamento (UE) 2016\/679 del Parlamento europeo e del Consiglio del 27 aprile 2016 (Regolamento generale sulla protezione dei dati - GDPR), alla normativa della Repubblica di Croazia nonch\u00e9 alle disposizioni della presente informativa (di seguito: \u201cInformativa sulla privacy\u201d).<\/p>\n\n\n\n<h4 class=\"wp-block-heading\">Definizioni:<\/h4>\n\n\n\n<p>Per \u201cdato personale\u201d si intende qualsiasi informazione riguardante una persona fisica identificata o identificabile. Una persona fisica \u00e8 considerata identificabile se pu\u00f2 essere identificata, direttamente o indirettamente, in particolare mediante un identificativo come il nome, un numero identificativo, dati relativi all\u2019ubicazione, un identificativo online, oppure mediante uno o pi\u00f9 elementi caratteristici della sua identit\u00e0 fisica, fisiologica, genetica, psichica, economica, culturale o sociale.<\/p>\n\n\n\n<p>Per \u201ctrattamento\u201d si intende qualsiasi operazione o insieme di operazioni, compiute con o senza l\u2019ausilio di processi automatizzati, applicate a dati personali o insiemi di dati personali, come la raccolta, la registrazione, l\u2019organizzazione, la strutturazione, la conservazione, l\u2019adattamento o la modifica, l\u2019estrazione, la consultazione, l\u2019uso, la comunicazione mediante trasmissione, diffusione o qualsiasi altra forma di messa a disposizione, il raffronto o l\u2019interconnessione, la limitazione, la cancellazione o la distruzione.<\/p>\n\n\n\n<h2 class=\"wp-block-heading\">2. Titolare del trattamento<\/h2>\n\n\n\n<p>Estetica Dent d.o.o. (di seguito: EsteticaDent) determina le finalit\u00e0 e i mezzi del trattamento dei Suoi dati personali ed \u00e8 pertanto considerata Titolare del trattamento. In tale ruolo, \u00e8 responsabile della conservazione e dell\u2019utilizzo dei dati personali, sia in formato elettronico che cartaceo.<\/p>\n\n\n\n<h4 class=\"wp-block-heading\">Contatti:<\/h4>\n\n\n\n<p>Estetica Dent d.o.o. per medicina dentale ed estetica del viso<br>Milana Prpi\u0107a 65, Oroslavje\u2028<br>Tel: 00385 49 516 009\u2028<br>E-mail: info@esteticadent.hr<\/p>\n\n\n\n<p>EsteticaDent non ha nominato un Responsabile della protezione dei dati. Per qualsiasi domanda riguardante i Suoi dati personali, pu\u00f2 contattarci in qualsiasi momento. I dettagli di contatto sono riportati sopra.<\/p>\n\n\n\n<h2 class=\"wp-block-heading\">3. Dati personali raccolti<\/h2>\n\n\n\n<p>Tutte le nostre attivit\u00e0 si basano su principi etici rigorosi e sugli obblighi di legge, e ci impegniamo a tutelare la privacy dei nostri pazienti, potenziali pazienti e visitatori del nostro sito web e dei nostri profili, Facebook e Instagram. Il modo in cui raccogliamo e conserviamo le informazioni, inclusi i dati personali, dipende dall\u2019uso dei nostri servizi online. Non raccogliamo alcun dato sensibile su di Lei.<\/p>\n\n\n\n<h4 class=\"wp-block-heading\">3.1. Dati raccolti tramite la Sua interazione con noi<\/h4>\n\n\n\n<p>Sul nostro sito utilizziamo diverse tecnologie per migliorarne l\u2019efficienza e la sicurezza. Tali tecnologie possono comportare la raccolta automatica di dati personali da parte nostra o di terzi (ad es. cookie, analisi web). Per maggiori informazioni consulti la nostra Politica sui Cookie.<\/p>\n\n\n\n<h4 class=\"wp-block-heading\">3.2. Collegamenti a siti esterni<\/h4>\n\n\n\n<p>Il nostro sito pu\u00f2 contenere collegamenti a siti esterni (es. Facebook). Tenga presente che EsteticaDent non \u00e8 responsabile del rispetto della privacy su tali siti. Invitiamo pertanto gli utenti a leggere l\u2019informativa sulla privacy di ogni sito visitato.<\/p>\n\n\n\n<h4 class=\"wp-block-heading\">3.3. Dati forniti direttamente da Lei<\/h4>\n\n\n\n<p>Oltre ai dati raccolti in modo automatico (vedi 3.1), trattiamo i dati che Lei ci fornisce, tra cui, a titolo esemplificativo ma non esaustivo:<br>\u2022 al momento dell\u2019iscrizione alla nostra newsletter,<br>\u2022 compilando un modulo,<br>\u2022 ordinando un servizio tramite internet (servizio online) o per telefono,<br>\u2022 iscrivendovi ai nostri concorsi a premi o compilando i nostri sondaggi,<br>\u2022 tramite e-mail o modulo di contatto sul nostro sito web,<br>\u2022 pubblicando contenuti sul nostro profilo Facebook o Instagram,<br>\u2022 in occasione delle richieste di rimborso IVA da parte di cittadini di paesi extra-UE.<\/p>\n\n\n\n<h4 class=\"wp-block-heading\">3.4. Dati raccolti:<\/h4>\n\n\n\n<p>\u2022 nome e cognome<br>\u2022 indirizzo<br>\u2022 codice OIB<br>\u2022 indirizzo e-mail<br>\u2022 numero di telefono \/ cellulare<br>\u2022 dati sul veicolo<br>\u2022 indirizzo IP del visitatore<br>\u2022 altri dati che ci comunicate e che desiderate restino riservati<\/p>\n\n\n\n<h4 class=\"wp-block-heading\">3.5. Dati raccolti sui pazienti:<\/h4>\n\n\n\n<p>\u2022 nome e cognome<br>\u2022 indirizzo<br>\u2022 numero di telefono<br>\u2022 Codice OIB<br>\u2022 Stato di salute<br>\u2022 Prescrizione del medico di base<\/p>\n\n\n\n<h4 class=\"wp-block-heading\">3.7. Dati raccolti sui nostri partner commerciali:<\/h4>\n\n\n\n<p>\u2022 nome e cognome<br>\u2022 numero di telefono \/ fax \/ cellulare<br>\u2022 indirizzo e-mail<\/p>\n\n\n\n<h2 class=\"wp-block-heading\">4. Finalit\u00e0 del trattamento dei dati personali:<\/h2>\n\n\n\n<p class=\"translation-block\">Per l\u2019erogazione dei servizi nell\u2019ambito dell\u2019attivit\u00e0 registrata,<br>\n\u2022 Per rispondere in modo pi\u00f9 efficace alla vostra richiesta,<br>\n\u2022 Per garantire l\u2019erogazione e il pagamento del servizio richiesto,<br>\n\u2022 Per partecipare ai nostri concorsi a premi,<br>\n\u2022 Per la promozione dei nostri servizi,<br>\n\u2022 Per l\u2019elaborazione interna di statistiche,<br>\n\u2022 Per l\u2019invio di materiale promozionale e offerte speciali,<br>\n\u2022 Per adempiere ad altri obblighi previsti dalla legge.<\/p>\n\n\n\n<p>Con il Suo consenso, potremo contattarla direttamente attraverso i dati forniti (posta, e-mail, messaggi di testo, telefono) per finalit\u00e0 di marketing, pubblicit\u00e0 e ricerche di mercato, comprese informazioni relative a prodotti, offerte speciali e promozioni, nonch\u00e9 informazioni sull\u2019apertura e sulle attivit\u00e0 dei nostri ambulatori.<\/p>\n\n\n\n<p>Al fine di potervi contattare con informazioni di particolare interesse per voi, potremo utilizzare i vostri dati personali per attivit\u00e0 di marketing, pubblicit\u00e0 e ricerche di mercato.<\/p>\n\n\n\n<h2 class=\"wp-block-heading\">5. Base giuridica del trattamento<\/h2>\n\n\n\n<p>Il trattamento dei dati personali \u00e8 lecito in quanto si basa sul consenso da voi fornito. In caso di revoca del consenso, ci\u00f2 non pregiudica la liceit\u00e0 del trattamento basato sul consenso prima della revoca. Inoltre, il trattamento si fonda sul contratto stipulato nell\u2019ambito dello svolgimento della nostra attivit\u00e0, nonch\u00e9 sull\u2019adempimento degli obblighi previsti dalla legge.<\/p>\n\n\n\n<h2 class=\"wp-block-heading\">6. Divulgazione dei vostri dati<\/h2>\n\n\n\n<p>I vostri dati personali potranno essere condivisi nella misura necessaria per adempiere ai nostri obblighi legali, nonch\u00e9 alle leggi e normative che ci riguardano.<\/p>\n\n\n\n<p>Potremo condividere i vostri dati personali se abbiamo il vostro consenso o, senza il vostro consenso, se ci\u00f2 \u00e8 necessario per adempiere ai nostri obblighi nei vostri confronti.<\/p>\n\n\n\n<p>Raccogliamo esclusivamente i dati personali che ci vengono forniti volontariamente e li utilizziamo unicamente ai fini dell\u2019erogazione dei servizi sopra indicati.<\/p>\n\n\n\n<h2 class=\"wp-block-heading\">7. I Suoi Diritti<\/h2>\n\n\n\n<p class=\"translation-block\">\u2022 Diritto di richiedere l\u2019accesso ai suoi dati personali<br>\n\u2022 Diritto di modifica e\/o cancellazione dei suoi dati personali<br>\n\u2022 Diritto di limitazione del trattamento dei suoi dati personali<br>\n\u2022 Diritto al trasferimento dei dati<\/p>\n\n\n\n<p>Potete esercitare il diritto di accesso, modifica, rettifica, limitazione del trattamento, trasferimento o cancellazione dei vostri dati personali contattandoci tramite e-mail all\u2019indirizzo: <a href=\"mailto:info@esteticadent.hr\"><strong>info@esteticadent.hr<\/strong><\/a> oppure con richiesta scritta all\u2019indirizzo: Milana Prpi\u0107a 65, Oroslavje.<\/p>\n\n\n\n<p>Se in precedenza avete espresso le Sue preferenze in merito alla comunicazione o al marketing durante il processo di registrazione o in altro modo, tali preferenze rimarranno valide fino a quando non richiederete la disattivazione.<\/p>\n\n\n\n<p>Potete disiscrivervi inviando una comunicazione con il vostro indirizzo e-mail, nome completo e richiesta di esclusione dalla comunicazione di marketing a:<br>\u2022E-mail: <a href=\"mailto:info@esteticadent.hr\"><span style=\"text-decoration: underline;\">info@esteticadent.hr<\/span><\/a>\u2028<br>\u2022Posta all\u2019indirizzo Milana Prpi\u0107a 65, Oroslavje<\/p>\n\n\n\n<p>Vi preghiamo di notare che la disiscrizione da un tipo di comunicazione di marketing non comporta automaticamente la disattivazione da tutte le comunicazioni e non impedir\u00e0 ulteriori comunicazioni da parte nostra riguardanti transazioni o altre comunicazioni necessarie per adempiere ai nostri obblighi legali e contrattuali.<\/p>\n\n\n\n<h2 class=\"wp-block-heading\">8. Conservazione e sicurezza dei dati<\/h2>\n\n\n\n<p>EsteticaDent riconosce l\u2019importanza della protezione dei dati e monitora costantemente il miglioramento delle misure e procedure tecniche, professionali e organizzative di sicurezza.<\/p>\n\n\n\n<p>Il sito web e i server di EsteticaDent sono dotati di rigorose misure di sicurezza per proteggere i Suoi dati personali da distruzione illecita o perdita accidentale, uso improprio, modifica, divulgazione o accesso non autorizzato e da qualsiasi altra forma illecita di trattamento.<\/p>\n\n\n\n<p>EsteticaDent non \u00e8 responsabile della perdita di dati personali durante la trasmissione verso il sito web.<\/p>\n\n\n\n<p>Solo i dipendenti autorizzati di EsteticaDent e terze parti affidabili, il cui utilizzo dei dati personali \u00e8 necessario per soddisfare gli interessi commerciali come sopra descritto, hanno accesso ai dati personali.<\/p>\n\n\n\n<p>EsteticaDent conserva i dati personali per il periodo richiesto dalla legge, per tutta la durata della collaborazione commerciale o fino alla revoca del consenso.<\/p>\n\n\n\n<h2 class=\"wp-block-heading\">9. Autorit\u00e0 di controllo<\/h2>\n\n\n\n<p>L\u2019autorit\u00e0 di controllo per la protezione dei dati personali:<\/p>\n\n\n\n<p>Agenzia per la protezione dei dati personali<br>Marti\u0107eva ulica 14, 10 000 Zagabria<br>Tel. +385 (0)1 4609-000<br>Fax. +385 (0)1 4609-099<br>E-mail: <a href=\"mailto:azop@azop.hr\">azop@azop.hr<\/a>\u2028<br>Web: <a href=\"https:\/\/azop.hr\/\" target=\"_blank\" rel=\"noreferrer noopener\">www.azop.hr<\/a><\/p>\n\n\n\n<p>EsteticaDent collabora con l\u2019autorit\u00e0 di controllo in caso di violazione dei dati personali e ha l\u2019obbligo di notificarla entro 72 ore dalla presa di conoscenza della violazione. Se \u00e8 probabile che la violazione comporti un rischio elevato per l\u2019individuo, il Titolare del trattamento deve informare senza indugio l\u2019autorit\u00e0 competente. Se \u00e8 probabile che un tipo di trattamento comporti un rischio elevato per i diritti e le libert\u00e0 delle persone fisiche, il Titolare \u00e8 tenuto a effettuare una valutazione d\u2019impatto sulla protezione dei dati. Una sola valutazione pu\u00f2 essere applicata a pi\u00f9 trattamenti simili.<\/p>\n\n\n\n<h2 class=\"wp-block-heading\">10. Modifiche alla presente politica<\/h2>\n\n\n\n<p>EsteticaDent si impegna a rispettare i principi fondamentali della privacy e della protezione dei dati, motivo per cui rivediamo regolarmente la nostra politica sulla privacy per mantenerla conforme ai principi e agli obblighi applicabili.<\/p>\n\n\n\n<p>La presente politica sulla privacy potr\u00e0 essere modificata nel tempo per adeguarsi agli sviluppi e alle opportunit\u00e0 offerte da Internet e per conformarsi alle normative vigenti.<\/p>\n\n\n\n<p>Tutte le modifiche alla politica sulla privacy verranno pubblicate su questa pagina.\nIl trattamento \u00e8 lecito perch\u00e9 si basa sul Suo consenso, sull\u2019esecuzione di un contratto, o su obblighi legali.\nEventuali modifiche saranno pubblicate su questa pagina.<\/p>","protected":false},"excerpt":{"rendered":"<p>1. Uvod Ovom politikom privatnosti ure\u0111ujemo na\u010din na koji postupamo s Va\u0161im osobnim podacima. Politika privatnosti informira Vas o podacima koje prikupljamo, na\u010dinu na koji prikupljamo podatke, svrsi za koju prikupljamo i koristimo podatke, sa kim dijelimo Va\u0161e podatke, koliko ih dugo \u010duvamo te o Va\u0161im pravima. Estetica dent d.o.o. posve\u0107ena je za\u0161titi osobnih podataka [&hellip;]<\/p>\n","protected":false},"author":1,"featured_media":0,"parent":0,"menu_order":0,"comment_status":"closed","ping_status":"closed","template":"","meta":{"_acf_changed":false,"inline_featured_image":false,"footnotes":""},"class_list":["post-3","page","type-page","status-publish","hentry"],"acf":[],"yoast_head":"<!-- This site is optimized with the Yoast SEO plugin v27.1.1 - https:\/\/yoast.com\/product\/yoast-seo-wordpress\/ -->\n<title>Pravila privatnosti - Estetica Dent<\/title>\n<meta name=\"robots\" content=\"noindex, follow\" \/>\n<meta property=\"og:locale\" content=\"it_IT\" \/>\n<meta property=\"og:type\" content=\"article\" \/>\n<meta property=\"og:title\" content=\"Pravila privatnosti - Estetica Dent\" \/>\n<meta property=\"og:description\" content=\"1. Uvod Ovom politikom privatnosti ure\u0111ujemo na\u010din na koji postupamo s Va\u0161im osobnim podacima. Politika privatnosti informira Vas o podacima koje prikupljamo, na\u010dinu na koji prikupljamo podatke, svrsi za koju prikupljamo i koristimo podatke, sa kim dijelimo Va\u0161e podatke, koliko ih dugo \u010duvamo te o Va\u0161im pravima. Estetica dent d.o.o. posve\u0107ena je za\u0161titi osobnih podataka [&hellip;]\" \/>\n<meta property=\"og:url\" content=\"https:\/\/esteticadent.hr\/it\/pravila-privatnosti\/\" \/>\n<meta property=\"og:site_name\" content=\"Estetica Dent\" \/>\n<meta property=\"article:publisher\" content=\"https:\/\/www.facebook.com\/esteticadent.hr\/\" \/>\n<meta property=\"article:modified_time\" content=\"2024-12-03T06:04:10+00:00\" \/>\n<meta property=\"og:image\" content=\"https:\/\/esteticadent.hr\/wp-content\/uploads\/2024\/11\/social-share.jpg\" \/>\n\t<meta property=\"og:image:width\" content=\"1200\" \/>\n\t<meta property=\"og:image:height\" content=\"675\" \/>\n\t<meta property=\"og:image:type\" content=\"image\/jpeg\" \/>\n<meta name=\"twitter:card\" content=\"summary_large_image\" \/>\n<meta name=\"twitter:label1\" content=\"Tempo di lettura stimato\" \/>\n\t<meta name=\"twitter:data1\" content=\"8 minuti\" \/>\n<script type=\"application\/ld+json\" class=\"yoast-schema-graph\">{\"@context\":\"https:\/\/schema.org\",\"@graph\":[{\"@type\":\"WebPage\",\"@id\":\"https:\/\/esteticadent.hr\/pravila-privatnosti\/\",\"url\":\"https:\/\/esteticadent.hr\/pravila-privatnosti\/\",\"name\":\"Pravila privatnosti - Estetica Dent\",\"isPartOf\":{\"@id\":\"https:\/\/esteticadent.hr\/#website\"},\"datePublished\":\"2023-11-27T13:40:13+00:00\",\"dateModified\":\"2024-12-03T06:04:10+00:00\",\"breadcrumb\":{\"@id\":\"https:\/\/esteticadent.hr\/pravila-privatnosti\/#breadcrumb\"},\"inLanguage\":\"it-IT\",\"potentialAction\":[{\"@type\":\"ReadAction\",\"target\":[\"https:\/\/esteticadent.hr\/pravila-privatnosti\/\"]}]},{\"@type\":\"BreadcrumbList\",\"@id\":\"https:\/\/esteticadent.hr\/pravila-privatnosti\/#breadcrumb\",\"itemListElement\":[{\"@type\":\"ListItem\",\"position\":1,\"name\":\"Po\u010detna stranica\",\"item\":\"https:\/\/esteticadent.hr\/\"},{\"@type\":\"ListItem\",\"position\":2,\"name\":\"Pravila privatnosti\"}]},{\"@type\":\"WebSite\",\"@id\":\"https:\/\/esteticadent.hr\/#website\",\"url\":\"https:\/\/esteticadent.hr\/\",\"name\":\"Estetica Dent\",\"description\":\"Profesionalno i s osmijehom\",\"publisher\":{\"@id\":\"https:\/\/esteticadent.hr\/#organization\"},\"potentialAction\":[{\"@type\":\"SearchAction\",\"target\":{\"@type\":\"EntryPoint\",\"urlTemplate\":\"https:\/\/esteticadent.hr\/?s={search_term_string}\"},\"query-input\":{\"@type\":\"PropertyValueSpecification\",\"valueRequired\":true,\"valueName\":\"search_term_string\"}}],\"inLanguage\":\"it-IT\"},{\"@type\":\"Organization\",\"@id\":\"https:\/\/esteticadent.hr\/#organization\",\"name\":\"Estetica Dent\",\"url\":\"https:\/\/esteticadent.hr\/\",\"logo\":{\"@type\":\"ImageObject\",\"inLanguage\":\"it-IT\",\"@id\":\"https:\/\/esteticadent.hr\/#\/schema\/logo\/image\/\",\"url\":\"https:\/\/esteticadent.hr\/wp-content\/uploads\/2023\/11\/estetica-dent-logo.svg\",\"contentUrl\":\"https:\/\/esteticadent.hr\/wp-content\/uploads\/2023\/11\/estetica-dent-logo.svg\",\"width\":164,\"height\":58,\"caption\":\"Estetica Dent\"},\"image\":{\"@id\":\"https:\/\/esteticadent.hr\/#\/schema\/logo\/image\/\"},\"sameAs\":[\"https:\/\/www.facebook.com\/esteticadent.hr\/\",\"https:\/\/www.instagram.com\/esteticadent.385\/\"]}]}<\/script>\n<!-- \/ Yoast SEO plugin. -->","yoast_head_json":{"title":"Pravila privatnosti - Estetica Dent","robots":{"index":"noindex","follow":"follow"},"og_locale":"it_IT","og_type":"article","og_title":"Pravila privatnosti - Estetica Dent","og_description":"1. Uvod Ovom politikom privatnosti ure\u0111ujemo na\u010din na koji postupamo s Va\u0161im osobnim podacima. Politika privatnosti informira Vas o podacima koje prikupljamo, na\u010dinu na koji prikupljamo podatke, svrsi za koju prikupljamo i koristimo podatke, sa kim dijelimo Va\u0161e podatke, koliko ih dugo \u010duvamo te o Va\u0161im pravima. Estetica dent d.o.o. posve\u0107ena je za\u0161titi osobnih podataka [&hellip;]","og_url":"https:\/\/esteticadent.hr\/it\/pravila-privatnosti\/","og_site_name":"Estetica Dent","article_publisher":"https:\/\/www.facebook.com\/esteticadent.hr\/","article_modified_time":"2024-12-03T06:04:10+00:00","og_image":[{"width":1200,"height":675,"url":"https:\/\/esteticadent.hr\/wp-content\/uploads\/2024\/11\/social-share.jpg","type":"image\/jpeg"}],"twitter_card":"summary_large_image","twitter_misc":{"Tempo di lettura stimato":"8 minuti"},"schema":{"@context":"https:\/\/schema.org","@graph":[{"@type":"WebPage","@id":"https:\/\/esteticadent.hr\/pravila-privatnosti\/","url":"https:\/\/esteticadent.hr\/pravila-privatnosti\/","name":"Pravila privatnosti - Estetica Dent","isPartOf":{"@id":"https:\/\/esteticadent.hr\/#website"},"datePublished":"2023-11-27T13:40:13+00:00","dateModified":"2024-12-03T06:04:10+00:00","breadcrumb":{"@id":"https:\/\/esteticadent.hr\/pravila-privatnosti\/#breadcrumb"},"inLanguage":"it-IT","potentialAction":[{"@type":"ReadAction","target":["https:\/\/esteticadent.hr\/pravila-privatnosti\/"]}]},{"@type":"BreadcrumbList","@id":"https:\/\/esteticadent.hr\/pravila-privatnosti\/#breadcrumb","itemListElement":[{"@type":"ListItem","position":1,"name":"Po\u010detna stranica","item":"https:\/\/esteticadent.hr\/"},{"@type":"ListItem","position":2,"name":"Pravila privatnosti"}]},{"@type":"WebSite","@id":"https:\/\/esteticadent.hr\/#website","url":"https:\/\/esteticadent.hr\/","name":"Estetica Dent","description":"Profesionalno i s osmijehom","publisher":{"@id":"https:\/\/esteticadent.hr\/#organization"},"potentialAction":[{"@type":"SearchAction","target":{"@type":"EntryPoint","urlTemplate":"https:\/\/esteticadent.hr\/?s={search_term_string}"},"query-input":{"@type":"PropertyValueSpecification","valueRequired":true,"valueName":"search_term_string"}}],"inLanguage":"it-IT"},{"@type":"Organization","@id":"https:\/\/esteticadent.hr\/#organization","name":"Estetica Dent","url":"https:\/\/esteticadent.hr\/","logo":{"@type":"ImageObject","inLanguage":"it-IT","@id":"https:\/\/esteticadent.hr\/#\/schema\/logo\/image\/","url":"https:\/\/esteticadent.hr\/wp-content\/uploads\/2023\/11\/estetica-dent-logo.svg","contentUrl":"https:\/\/esteticadent.hr\/wp-content\/uploads\/2023\/11\/estetica-dent-logo.svg","width":164,"height":58,"caption":"Estetica Dent"},"image":{"@id":"https:\/\/esteticadent.hr\/#\/schema\/logo\/image\/"},"sameAs":["https:\/\/www.facebook.com\/esteticadent.hr\/","https:\/\/www.instagram.com\/esteticadent.385\/"]}]}},"_links":{"self":[{"href":"https:\/\/esteticadent.hr\/it\/wp-json\/wp\/v2\/pages\/3","targetHints":{"allow":["GET"]}}],"collection":[{"href":"https:\/\/esteticadent.hr\/it\/wp-json\/wp\/v2\/pages"}],"about":[{"href":"https:\/\/esteticadent.hr\/it\/wp-json\/wp\/v2\/types\/page"}],"author":[{"embeddable":true,"href":"https:\/\/esteticadent.hr\/it\/wp-json\/wp\/v2\/users\/1"}],"replies":[{"embeddable":true,"href":"https:\/\/esteticadent.hr\/it\/wp-json\/wp\/v2\/comments?post=3"}],"version-history":[{"count":10,"href":"https:\/\/esteticadent.hr\/it\/wp-json\/wp\/v2\/pages\/3\/revisions"}],"predecessor-version":[{"id":910,"href":"https:\/\/esteticadent.hr\/it\/wp-json\/wp\/v2\/pages\/3\/revisions\/910"}],"wp:attachment":[{"href":"https:\/\/esteticadent.hr\/it\/wp-json\/wp\/v2\/media?parent=3"}],"curies":[{"name":"wp","href":"https:\/\/api.w.org\/{rel}","templated":true}]}}