{"id":108,"date":"2023-12-03T13:52:21","date_gmt":"2023-12-03T12:52:21","guid":{"rendered":"https:\/\/esteticadent.hr\/?post_type=usluga&#038;p=108"},"modified":"2025-03-24T12:27:52","modified_gmt":"2025-03-24T11:27:52","slug":"korekcija-gub-na-obrazu","status":"publish","type":"usluga","link":"https:\/\/esteticadent.hr\/sl\/usluga\/korekcija-bora-lica\/","title":{"rendered":"Korekcija gub na obrazu"},"content":{"rendered":"<p>\u010ce razmi\u0161ljate o glajenju gub na obrazu, je terapija z botulinskim toksinom odli\u010dna izbira za vas. Ta neinvazivni estetski poseg uporablja specifi\u010dno snov za zmanj\u0161anje vidnih gub na va\u0161em obrazu. Zaradi svoje u\u010dinkovitosti in hitrih rezultatov je ta metoda vse bolj priljubljena med tistimi, ki \u017eelijo osve\u017eiti videz svoje ko\u017ee.<\/p>","protected":false},"excerpt":{"rendered":"<p>\u010ce razmi\u0161ljate o glajenju gub na obrazu, je terapija z botulinskim toksinom odli\u010dna izbira za vas. Ta neinvazivni estetski poseg uporablja specifi\u010dno snov za zmanj\u0161anje vidnih gub na va\u0161em obrazu. Zaradi svoje u\u010dinkovitosti in hitrih rezultatov je ta metoda vse bolj priljubljena med tistimi, ki \u017eelijo osve\u017eiti videz svoje ko\u017ee.<\/p>","protected":false},"featured_media":829,"template":"","categories":[8],"featured":[13],"class_list":["post-108","usluga","type-usluga","status-publish","has-post-thumbnail","hentry","category-estetika-lica","featured-naslovnica"],"acf":[],"yoast_head":"<!-- This site is optimized with the Yoast SEO plugin v27.1.1 - https:\/\/yoast.com\/product\/yoast-seo-wordpress\/ -->\n<title>Korekcija bora lica - Estetica Dent<\/title>\n<meta name=\"robots\" content=\"noindex, follow\" \/>\n<meta property=\"og:locale\" content=\"sl_SI\" \/>\n<meta property=\"og:type\" content=\"article\" \/>\n<meta property=\"og:title\" content=\"Korekcija bora lica - Estetica Dent\" \/>\n<meta property=\"og:description\" content=\"Ako razmi\u0161ljate o tretmanu bora lica, terapija uz pomo\u0107 botulinum toksina mogla bi biti odli\u010dan izbor za vas. Ovaj neinvazivni estetski zahvat koristi specifi\u010dnu supstancu za smanjenje vidljivih bora na va\u0161em licu. S obzirom na svoju efikasnost i brze rezultate, ova metoda postaje sve popularnija me\u0111u onima koji \u017eele osvje\u017eiti izgled svoje ko\u017ee.\" \/>\n<meta property=\"og:url\" content=\"https:\/\/esteticadent.hr\/sl\/usluga\/korekcija-gub-na-obrazu\/\" \/>\n<meta property=\"og:site_name\" content=\"Estetica Dent\" \/>\n<meta property=\"article:publisher\" content=\"https:\/\/www.facebook.com\/esteticadent.hr\/\" \/>\n<meta property=\"article:modified_time\" content=\"2025-03-24T11:27:52+00:00\" \/>\n<meta property=\"og:image\" content=\"https:\/\/esteticadent.hr\/wp-content\/uploads\/2023\/12\/korekcija-featured.jpg\" \/>\n\t<meta property=\"og:image:width\" content=\"961\" \/>\n\t<meta property=\"og:image:height\" content=\"1080\" \/>\n\t<meta property=\"og:image:type\" content=\"image\/jpeg\" \/>\n<meta name=\"twitter:card\" content=\"summary_large_image\" \/>\n<meta name=\"twitter:label1\" content=\"Est. reading time\" \/>\n\t<meta name=\"twitter:data1\" content=\"1 minuta\" \/>\n<script type=\"application\/ld+json\" class=\"yoast-schema-graph\">{\"@context\":\"https:\/\/schema.org\",\"@graph\":[{\"@type\":\"WebPage\",\"@id\":\"https:\/\/esteticadent.hr\/usluga\/korekcija-bora-lica\/\",\"url\":\"https:\/\/esteticadent.hr\/usluga\/korekcija-bora-lica\/\",\"name\":\"Korekcija bora lica - Estetica Dent\",\"isPartOf\":{\"@id\":\"https:\/\/esteticadent.hr\/#website\"},\"primaryImageOfPage\":{\"@id\":\"https:\/\/esteticadent.hr\/usluga\/korekcija-bora-lica\/#primaryimage\"},\"image\":{\"@id\":\"https:\/\/esteticadent.hr\/usluga\/korekcija-bora-lica\/#primaryimage\"},\"thumbnailUrl\":\"https:\/\/esteticadent.hr\/wp-content\/uploads\/2023\/12\/korekcija-featured.jpg\",\"datePublished\":\"2023-12-03T12:52:21+00:00\",\"dateModified\":\"2025-03-24T11:27:52+00:00\",\"breadcrumb\":{\"@id\":\"https:\/\/esteticadent.hr\/usluga\/korekcija-bora-lica\/#breadcrumb\"},\"inLanguage\":\"sl-SI\",\"potentialAction\":[{\"@type\":\"ReadAction\",\"target\":[\"https:\/\/esteticadent.hr\/usluga\/korekcija-bora-lica\/\"]}]},{\"@type\":\"ImageObject\",\"inLanguage\":\"sl-SI\",\"@id\":\"https:\/\/esteticadent.hr\/usluga\/korekcija-bora-lica\/#primaryimage\",\"url\":\"https:\/\/esteticadent.hr\/wp-content\/uploads\/2023\/12\/korekcija-featured.jpg\",\"contentUrl\":\"https:\/\/esteticadent.hr\/wp-content\/uploads\/2023\/12\/korekcija-featured.jpg\",\"width\":961,\"height\":1080},{\"@type\":\"BreadcrumbList\",\"@id\":\"https:\/\/esteticadent.hr\/usluga\/korekcija-bora-lica\/#breadcrumb\",\"itemListElement\":[{\"@type\":\"ListItem\",\"position\":1,\"name\":\"Po\u010detna stranica\",\"item\":\"https:\/\/esteticadent.hr\/\"},{\"@type\":\"ListItem\",\"position\":2,\"name\":\"Usluge\",\"item\":\"https:\/\/esteticadent.hr\/usluge\/\"},{\"@type\":\"ListItem\",\"position\":3,\"name\":\"Korekcija bora lica\"}]},{\"@type\":\"WebSite\",\"@id\":\"https:\/\/esteticadent.hr\/#website\",\"url\":\"https:\/\/esteticadent.hr\/\",\"name\":\"Estetica Dent\",\"description\":\"Profesionalno i s osmijehom\",\"publisher\":{\"@id\":\"https:\/\/esteticadent.hr\/#organization\"},\"potentialAction\":[{\"@type\":\"SearchAction\",\"target\":{\"@type\":\"EntryPoint\",\"urlTemplate\":\"https:\/\/esteticadent.hr\/?s={search_term_string}\"},\"query-input\":{\"@type\":\"PropertyValueSpecification\",\"valueRequired\":true,\"valueName\":\"search_term_string\"}}],\"inLanguage\":\"sl-SI\"},{\"@type\":\"Organization\",\"@id\":\"https:\/\/esteticadent.hr\/#organization\",\"name\":\"Estetica Dent\",\"url\":\"https:\/\/esteticadent.hr\/\",\"logo\":{\"@type\":\"ImageObject\",\"inLanguage\":\"sl-SI\",\"@id\":\"https:\/\/esteticadent.hr\/#\/schema\/logo\/image\/\",\"url\":\"https:\/\/esteticadent.hr\/wp-content\/uploads\/2023\/11\/estetica-dent-logo.svg\",\"contentUrl\":\"https:\/\/esteticadent.hr\/wp-content\/uploads\/2023\/11\/estetica-dent-logo.svg\",\"width\":164,\"height\":58,\"caption\":\"Estetica Dent\"},\"image\":{\"@id\":\"https:\/\/esteticadent.hr\/#\/schema\/logo\/image\/\"},\"sameAs\":[\"https:\/\/www.facebook.com\/esteticadent.hr\/\",\"https:\/\/www.instagram.com\/esteticadent.385\/\"]}]}<\/script>\n<!-- \/ Yoast SEO plugin. -->","yoast_head_json":{"title":"Korekcija gub na obrazu - Estetica Dent","robots":{"index":"noindex","follow":"follow"},"og_locale":"sl_SI","og_type":"article","og_title":"Korekcija bora lica - Estetica Dent","og_description":"Ako razmi\u0161ljate o tretmanu bora lica, terapija uz pomo\u0107 botulinum toksina mogla bi biti odli\u010dan izbor za vas. Ovaj neinvazivni estetski zahvat koristi specifi\u010dnu supstancu za smanjenje vidljivih bora na va\u0161em licu. S obzirom na svoju efikasnost i brze rezultate, ova metoda postaje sve popularnija me\u0111u onima koji \u017eele osvje\u017eiti izgled svoje ko\u017ee.","og_url":"https:\/\/esteticadent.hr\/sl\/usluga\/korekcija-gub-na-obrazu\/","og_site_name":"Estetica Dent","article_publisher":"https:\/\/www.facebook.com\/esteticadent.hr\/","article_modified_time":"2025-03-24T11:27:52+00:00","og_image":[{"width":961,"height":1080,"url":"https:\/\/esteticadent.hr\/wp-content\/uploads\/2023\/12\/korekcija-featured.jpg","type":"image\/jpeg"}],"twitter_card":"summary_large_image","twitter_misc":{"Est. reading time":"1 minuta"},"schema":{"@context":"https:\/\/schema.org","@graph":[{"@type":"WebPage","@id":"https:\/\/esteticadent.hr\/usluga\/korekcija-bora-lica\/","url":"https:\/\/esteticadent.hr\/usluga\/korekcija-bora-lica\/","name":"Korekcija gub na obrazu - Estetica Dent","isPartOf":{"@id":"https:\/\/esteticadent.hr\/#website"},"primaryImageOfPage":{"@id":"https:\/\/esteticadent.hr\/usluga\/korekcija-bora-lica\/#primaryimage"},"image":{"@id":"https:\/\/esteticadent.hr\/usluga\/korekcija-bora-lica\/#primaryimage"},"thumbnailUrl":"https:\/\/esteticadent.hr\/wp-content\/uploads\/2023\/12\/korekcija-featured.jpg","datePublished":"2023-12-03T12:52:21+00:00","dateModified":"2025-03-24T11:27:52+00:00","breadcrumb":{"@id":"https:\/\/esteticadent.hr\/usluga\/korekcija-bora-lica\/#breadcrumb"},"inLanguage":"sl-SI","potentialAction":[{"@type":"ReadAction","target":["https:\/\/esteticadent.hr\/usluga\/korekcija-bora-lica\/"]}]},{"@type":"ImageObject","inLanguage":"sl-SI","@id":"https:\/\/esteticadent.hr\/usluga\/korekcija-bora-lica\/#primaryimage","url":"https:\/\/esteticadent.hr\/wp-content\/uploads\/2023\/12\/korekcija-featured.jpg","contentUrl":"https:\/\/esteticadent.hr\/wp-content\/uploads\/2023\/12\/korekcija-featured.jpg","width":961,"height":1080},{"@type":"BreadcrumbList","@id":"https:\/\/esteticadent.hr\/usluga\/korekcija-bora-lica\/#breadcrumb","itemListElement":[{"@type":"ListItem","position":1,"name":"Po\u010detna stranica","item":"https:\/\/esteticadent.hr\/"},{"@type":"ListItem","position":2,"name":"Usluge","item":"https:\/\/esteticadent.hr\/usluge\/"},{"@type":"ListItem","position":3,"name":"Korekcija bora lica"}]},{"@type":"WebSite","@id":"https:\/\/esteticadent.hr\/#website","url":"https:\/\/esteticadent.hr\/","name":"Estetica Dent","description":"Profesionalno i s osmijehom","publisher":{"@id":"https:\/\/esteticadent.hr\/#organization"},"potentialAction":[{"@type":"SearchAction","target":{"@type":"EntryPoint","urlTemplate":"https:\/\/esteticadent.hr\/?s={search_term_string}"},"query-input":{"@type":"PropertyValueSpecification","valueRequired":true,"valueName":"search_term_string"}}],"inLanguage":"sl-SI"},{"@type":"Organization","@id":"https:\/\/esteticadent.hr\/#organization","name":"Estetica Dent","url":"https:\/\/esteticadent.hr\/","logo":{"@type":"ImageObject","inLanguage":"sl-SI","@id":"https:\/\/esteticadent.hr\/#\/schema\/logo\/image\/","url":"https:\/\/esteticadent.hr\/wp-content\/uploads\/2023\/11\/estetica-dent-logo.svg","contentUrl":"https:\/\/esteticadent.hr\/wp-content\/uploads\/2023\/11\/estetica-dent-logo.svg","width":164,"height":58,"caption":"Estetica Dent"},"image":{"@id":"https:\/\/esteticadent.hr\/#\/schema\/logo\/image\/"},"sameAs":["https:\/\/www.facebook.com\/esteticadent.hr\/","https:\/\/www.instagram.com\/esteticadent.385\/"]}]}},"_links":{"self":[{"href":"https:\/\/esteticadent.hr\/sl\/wp-json\/wp\/v2\/usluga\/108","targetHints":{"allow":["GET"]}}],"collection":[{"href":"https:\/\/esteticadent.hr\/sl\/wp-json\/wp\/v2\/usluga"}],"about":[{"href":"https:\/\/esteticadent.hr\/sl\/wp-json\/wp\/v2\/types\/usluga"}],"wp:featuredmedia":[{"embeddable":true,"href":"https:\/\/esteticadent.hr\/sl\/wp-json\/wp\/v2\/media\/829"}],"wp:attachment":[{"href":"https:\/\/esteticadent.hr\/sl\/wp-json\/wp\/v2\/media?parent=108"}],"wp:term":[{"taxonomy":"category","embeddable":true,"href":"https:\/\/esteticadent.hr\/sl\/wp-json\/wp\/v2\/categories?post=108"},{"taxonomy":"featured","embeddable":true,"href":"https:\/\/esteticadent.hr\/sl\/wp-json\/wp\/v2\/featured?post=108"}],"curies":[{"name":"wp","href":"https:\/\/api.w.org\/{rel}","templated":true}]}}